{"id":5705,"date":"2026-01-28T11:41:58","date_gmt":"2026-01-28T10:41:58","guid":{"rendered":"https:\/\/ekonseil-rh.fr\/?post_type=job_listing&#038;p=5705"},"modified":"2026-01-28T11:42:00","modified_gmt":"2026-01-28T10:42:00","slug":"directeur-de-campus-hauts-de-france-h-f","status":"publish","type":"job_listing","link":"https:\/\/ekonseil-rh.fr\/poste\/directeur-de-campus-hauts-de-france-h-f\/","title":{"rendered":"Directeur de Campus \u2013 Hauts-de-France (H\/F)"},"content":{"rendered":"<div><span data-olk-copy-source=\"MessageBody\">E-KONSEIL RH recrute pour l\u2019un de ses clients,\u00a0<\/span>sp\u00e9cialiste de l\u2019enseignement sup\u00e9rieur priv\u00e9, un(e)\u00a0<b>Directeur(trice) de Campus<\/b>\u00a0pour piloter et d\u00e9velopper son p\u00e9rim\u00e8tre Hauts-de-France.<\/div>\n<div><\/div>\n<div>V\u00e9ritable ambassadeur(rice) sur votre territoire, vous assurez le d\u00e9veloppement commercial des \u00e9tablissements tout en garantissant la qualit\u00e9 p\u00e9dagogique et l\u2019attractivit\u00e9 des formations.<\/div>\n<div><\/div>\n<div><b>Pour ce faire, vos missions sont :\u00a0\u00a0<\/b><\/div>\n<ul data-end=\"1519\" data-start=\"626\">\n<li>\n<div role=\"presentation\"><b>D\u00e9veloppement et visibilit\u00e9<\/b>\u00a0:<br \/>\nD\u00e9ployer la strat\u00e9gie de croissance du campus, d\u00e9velopper les relations avec les entreprises partenaires et renforcer la notori\u00e9t\u00e9 locale des \u00e9tablissements.<br \/>\nD\u00e9velopper les partenariats locaux, organiser les job datings, portes ouvertes et actions de promotion des formations.<\/p>\n<\/div>\n<\/li>\n<li>\n<div role=\"presentation\"><b>Pilotage p\u00e9dagogique<\/b>\u00a0:<br \/>\nGarantir la qualit\u00e9 des parcours de formation, l\u2019exp\u00e9rience apprenant et la coh\u00e9rence des projets p\u00e9dagogiques sur l\u2019ensemble du p\u00e9rim\u00e8tre.<\/div>\n<\/li>\n<li>\n<div role=\"presentation\"><b>Management des \u00e9quipes<\/b>\u00a0:<br \/>\nAccompagner les \u00e9quipes, favoriser l\u2019engagement, la performance et la dynamique collective.<\/p>\n<div role=\"presentation\"><\/div>\n<\/div>\n<\/li>\n<\/ul>\n<div><b>Profil recherch\u00e9<\/b><\/div>\n<ul data-end=\"1955\" data-start=\"1545\">\n<li>\n<div role=\"presentation\">Exp\u00e9rience confirm\u00e9e dans le management d\u2019\u00e9quipes et le d\u00e9veloppement commercial, id\u00e9alement dans l\u2019enseignement ou la formation.<\/div>\n<\/li>\n<li>\n<div role=\"presentation\">Fortes comp\u00e9tences commerciales et capacit\u00e9 \u00e0 d\u00e9velopper et animer un r\u00e9seau de partenaires.<\/div>\n<\/li>\n<li>\n<div role=\"presentation\">Int\u00e9r\u00eat marqu\u00e9 pour les enjeux p\u00e9dagogiques et l\u2019accompagnement des apprenants.<\/div>\n<\/li>\n<li>\n<div role=\"presentation\">Esprit structur\u00e9, orient\u00e9 r\u00e9sultats et qualit\u00e9.<\/p>\n<\/div>\n<\/li>\n<\/ul>\n<div><b>Localisation<\/b>\u00a0: Hauts-de-France<\/div>\n<div>\n<b>Contrat<\/b>\u00a0: CDI \u2013 90k\u20ac brut annuel + Prime variable<\/div>\n<div><\/div>\n<div><\/div>\n<div><strong>\u00a0 \u00a0 \u00a0 \u00a0 \u00a0 \u00a0 \u00a0 \u00a0 \u00a0 \u00a0 \u00a0 \u00a0 \u00a0 Leader engag\u00e9(e), exp\u00e9riment\u00e9 en d\u00e9veloppement commercial ainsi qu&#8217;en pilotage p\u00e9dagogique,<\/strong><br \/>\n<strong>\u2002\u2002\u2002\u2002\u2002\u2002\u2002\u2002\u2002\u2002\u2002\u2002\u2002\u2002\u2002\u2002\u2002\u2002\u2002\u2002\u2002\u2002\u2002\u00a0 \u00a0 \u00a0 \u00a0 \u00a0 \u00a0 \u00a0 \u00a0 \u00a0vous souhaitez \u00eatre acteur d&#8217;un projet ambitieux ?<\/strong><br \/>\n<strong>\u2002\u2002\u2002\u2002\u2002\u2002\u2002\u2002\u2002\u2002\u2002\u2002\u2002\u2002\u2002\u2002\u2002\u2002\u2002\u2002\u2002\u2002\u2002\u2002\u2002\u2002\u2002\u2002\u2002\u2002\u2002\u2002\u2002\u2002\u2002\u2002\u2002Alors postulez !<\/strong><\/div>\n","protected":false},"author":43,"featured_media":0,"template":"","meta":{"_eb_attr":"","_promoted":"","_job_location":"Lille","_application":"contact@ekonseil-rh.fr","_company_name":"","_company_website":"","_company_tagline":"","_company_twitter":"","_company_video":"","_filled":0,"_featured":0,"_remote_position":0,"_job_salary":"","_job_salary_currency":"","_job_salary_unit":""},"job-types":[],"blocksy_meta":[],"featured_image_urls":{"full":"","thumbnail":"","medium":"","medium_large":"","large":"","course_archive_thumbnail":"","course_single_thumbnail":"","lesson_archive_thumbnail":"","lesson_single_thumbnail":"","1536x1536":"","2048x2048":""},"post_excerpt_stackable":"<p>E-KONSEIL RH recrute pour l\u2019un de ses clients,\u00a0sp\u00e9cialiste de l\u2019enseignement sup\u00e9rieur priv\u00e9, un(e)\u00a0Directeur(trice) de Campus\u00a0pour piloter et d\u00e9velopper son p\u00e9rim\u00e8tre Hauts-de-France. V\u00e9ritable ambassadeur(rice) sur votre territoire, vous assurez le d\u00e9veloppement commercial des \u00e9tablissements tout en garantissant la qualit\u00e9 p\u00e9dagogique et l\u2019attractivit\u00e9 des formations. Pour ce faire, vos missions sont :\u00a0\u00a0 D\u00e9veloppement et visibilit\u00e9\u00a0: D\u00e9ployer la strat\u00e9gie de croissance du campus, d\u00e9velopper les relations avec les entreprises partenaires et renforcer la notori\u00e9t\u00e9 locale des \u00e9tablissements. D\u00e9velopper les partenariats locaux, organiser les job datings, portes ouvertes et actions de promotion des formations. Pilotage p\u00e9dagogique\u00a0: Garantir la qualit\u00e9 des parcours de formation, l\u2019exp\u00e9rience\u2026<\/p>\n","category_list":"","author_info":{"name":"ekonseil-rh.fr","url":"https:\/\/ekonseil-rh.fr\/author\/contactekonseil-rh-fr\/"},"comments_num":"0 commentaire","yoast_head":"<!-- This site is optimized with the Yoast SEO plugin v21.8 - https:\/\/yoast.com\/wordpress\/plugins\/seo\/ -->\n<title>Directeur de Campus \u2013 Hauts-de-France (H\/F) - E- KONSEIL RH<\/title>\n<meta name=\"robots\" content=\"noindex, follow\" \/>\n<meta property=\"og:locale\" content=\"fr_FR\" \/>\n<meta property=\"og:type\" content=\"article\" \/>\n<meta property=\"og:title\" content=\"Directeur de Campus \u2013 Hauts-de-France (H\/F) - E- KONSEIL RH\" \/>\n<meta property=\"og:description\" content=\"E-KONSEIL RH recrute pour l\u2019un de ses clients,\u00a0sp\u00e9cialiste de l\u2019enseignement sup\u00e9rieur priv\u00e9, un(e)\u00a0Directeur(trice) de Campus\u00a0pour piloter et d\u00e9velopper son p\u00e9rim\u00e8tre Hauts-de-France. V\u00e9ritable ambassadeur(rice) sur votre territoire, vous assurez le d\u00e9veloppement commercial des \u00e9tablissements tout en garantissant la qualit\u00e9 p\u00e9dagogique et l\u2019attractivit\u00e9 des formations. Pour ce faire, vos missions sont :\u00a0\u00a0 D\u00e9veloppement et visibilit\u00e9\u00a0: D\u00e9ployer la [&hellip;]\" \/>\n<meta property=\"og:url\" content=\"https:\/\/ekonseil-rh.fr\/poste\/directeur-de-campus-hauts-de-france-h-f\/\" \/>\n<meta property=\"og:site_name\" content=\"E- KONSEIL RH\" \/>\n<meta property=\"article:publisher\" content=\"https:\/\/www.facebook.com\/EKonseilRH\/\" \/>\n<meta property=\"article:modified_time\" content=\"2026-01-28T10:42:00+00:00\" \/>\n<meta name=\"twitter:card\" content=\"summary_large_image\" \/>\n<meta name=\"twitter:site\" content=\"@ekonseilrh\" \/>\n<meta name=\"twitter:label1\" content=\"Dur\u00e9e de lecture estim\u00e9e\" \/>\n\t<meta name=\"twitter:data1\" content=\"2 minutes\" \/>\n<script type=\"application\/ld+json\" class=\"yoast-schema-graph\">{\"@context\":\"https:\/\/schema.org\",\"@graph\":[{\"@type\":\"WebPage\",\"@id\":\"https:\/\/ekonseil-rh.fr\/poste\/directeur-de-campus-hauts-de-france-h-f\/\",\"url\":\"https:\/\/ekonseil-rh.fr\/poste\/directeur-de-campus-hauts-de-france-h-f\/\",\"name\":\"Directeur de Campus \u2013 Hauts-de-France (H\/F) - E- KONSEIL RH\",\"isPartOf\":{\"@id\":\"https:\/\/ekonseil-rh.fr\/#website\"},\"datePublished\":\"2026-01-28T10:41:58+00:00\",\"dateModified\":\"2026-01-28T10:42:00+00:00\",\"inLanguage\":\"fr-FR\",\"potentialAction\":[{\"@type\":\"ReadAction\",\"target\":[\"https:\/\/ekonseil-rh.fr\/poste\/directeur-de-campus-hauts-de-france-h-f\/\"]}]},{\"@type\":\"WebSite\",\"@id\":\"https:\/\/ekonseil-rh.fr\/#website\",\"url\":\"https:\/\/ekonseil-rh.fr\/\",\"name\":\"E- KONSEIL RH\",\"description\":\"Notre exp\u00e9rience m\u00e8ne \u00e0 votre r\u00e9ussite\",\"publisher\":{\"@id\":\"https:\/\/ekonseil-rh.fr\/#organization\"},\"potentialAction\":[{\"@type\":\"SearchAction\",\"target\":{\"@type\":\"EntryPoint\",\"urlTemplate\":\"https:\/\/ekonseil-rh.fr\/?s={search_term_string}\"},\"query-input\":\"required name=search_term_string\"}],\"inLanguage\":\"fr-FR\"},{\"@type\":\"Organization\",\"@id\":\"https:\/\/ekonseil-rh.fr\/#organization\",\"name\":\"E- KONSEIL RH\",\"url\":\"https:\/\/ekonseil-rh.fr\/\",\"logo\":{\"@type\":\"ImageObject\",\"inLanguage\":\"fr-FR\",\"@id\":\"https:\/\/ekonseil-rh.fr\/#\/schema\/logo\/image\/\",\"url\":\"https:\/\/ekonseil-rh.fr\/wp-content\/uploads\/2024\/10\/Logo-E-KONSEIL-RH-Bleu-noir.png\",\"contentUrl\":\"https:\/\/ekonseil-rh.fr\/wp-content\/uploads\/2024\/10\/Logo-E-KONSEIL-RH-Bleu-noir.png\",\"width\":2566,\"height\":864,\"caption\":\"E- KONSEIL RH\"},\"image\":{\"@id\":\"https:\/\/ekonseil-rh.fr\/#\/schema\/logo\/image\/\"},\"sameAs\":[\"https:\/\/www.facebook.com\/EKonseilRH\/\",\"https:\/\/twitter.com\/ekonseilrh\",\"https:\/\/fr.linkedin.com\/in\/laurence-derache-22766b30\"]}]}<\/script>\n<!-- \/ Yoast SEO plugin. -->","yoast_head_json":{"title":"Directeur de Campus \u2013 Hauts-de-France (H\/F) - E- KONSEIL RH","robots":{"index":"noindex","follow":"follow"},"og_locale":"fr_FR","og_type":"article","og_title":"Directeur de Campus \u2013 Hauts-de-France (H\/F) - E- KONSEIL RH","og_description":"E-KONSEIL RH recrute pour l\u2019un de ses clients,\u00a0sp\u00e9cialiste de l\u2019enseignement sup\u00e9rieur priv\u00e9, un(e)\u00a0Directeur(trice) de Campus\u00a0pour piloter et d\u00e9velopper son p\u00e9rim\u00e8tre Hauts-de-France. V\u00e9ritable ambassadeur(rice) sur votre territoire, vous assurez le d\u00e9veloppement commercial des \u00e9tablissements tout en garantissant la qualit\u00e9 p\u00e9dagogique et l\u2019attractivit\u00e9 des formations. Pour ce faire, vos missions sont :\u00a0\u00a0 D\u00e9veloppement et visibilit\u00e9\u00a0: D\u00e9ployer la [&hellip;]","og_url":"https:\/\/ekonseil-rh.fr\/poste\/directeur-de-campus-hauts-de-france-h-f\/","og_site_name":"E- KONSEIL RH","article_publisher":"https:\/\/www.facebook.com\/EKonseilRH\/","article_modified_time":"2026-01-28T10:42:00+00:00","twitter_card":"summary_large_image","twitter_site":"@ekonseilrh","twitter_misc":{"Dur\u00e9e de lecture estim\u00e9e":"2 minutes"},"schema":{"@context":"https:\/\/schema.org","@graph":[{"@type":"WebPage","@id":"https:\/\/ekonseil-rh.fr\/poste\/directeur-de-campus-hauts-de-france-h-f\/","url":"https:\/\/ekonseil-rh.fr\/poste\/directeur-de-campus-hauts-de-france-h-f\/","name":"Directeur de Campus \u2013 Hauts-de-France (H\/F) - E- KONSEIL RH","isPartOf":{"@id":"https:\/\/ekonseil-rh.fr\/#website"},"datePublished":"2026-01-28T10:41:58+00:00","dateModified":"2026-01-28T10:42:00+00:00","inLanguage":"fr-FR","potentialAction":[{"@type":"ReadAction","target":["https:\/\/ekonseil-rh.fr\/poste\/directeur-de-campus-hauts-de-france-h-f\/"]}]},{"@type":"WebSite","@id":"https:\/\/ekonseil-rh.fr\/#website","url":"https:\/\/ekonseil-rh.fr\/","name":"E- KONSEIL RH","description":"Notre exp\u00e9rience m\u00e8ne \u00e0 votre r\u00e9ussite","publisher":{"@id":"https:\/\/ekonseil-rh.fr\/#organization"},"potentialAction":[{"@type":"SearchAction","target":{"@type":"EntryPoint","urlTemplate":"https:\/\/ekonseil-rh.fr\/?s={search_term_string}"},"query-input":"required name=search_term_string"}],"inLanguage":"fr-FR"},{"@type":"Organization","@id":"https:\/\/ekonseil-rh.fr\/#organization","name":"E- KONSEIL RH","url":"https:\/\/ekonseil-rh.fr\/","logo":{"@type":"ImageObject","inLanguage":"fr-FR","@id":"https:\/\/ekonseil-rh.fr\/#\/schema\/logo\/image\/","url":"https:\/\/ekonseil-rh.fr\/wp-content\/uploads\/2024\/10\/Logo-E-KONSEIL-RH-Bleu-noir.png","contentUrl":"https:\/\/ekonseil-rh.fr\/wp-content\/uploads\/2024\/10\/Logo-E-KONSEIL-RH-Bleu-noir.png","width":2566,"height":864,"caption":"E- KONSEIL RH"},"image":{"@id":"https:\/\/ekonseil-rh.fr\/#\/schema\/logo\/image\/"},"sameAs":["https:\/\/www.facebook.com\/EKonseilRH\/","https:\/\/twitter.com\/ekonseilrh","https:\/\/fr.linkedin.com\/in\/laurence-derache-22766b30"]}]}},"_links":{"self":[{"href":"https:\/\/ekonseil-rh.fr\/wp_json\/wp\/v2\/job-listings\/5705"}],"collection":[{"href":"https:\/\/ekonseil-rh.fr\/wp_json\/wp\/v2\/job-listings"}],"about":[{"href":"https:\/\/ekonseil-rh.fr\/wp_json\/wp\/v2\/types\/job_listing"}],"author":[{"embeddable":true,"href":"https:\/\/ekonseil-rh.fr\/wp_json\/wp\/v2\/users\/43"}],"wp:attachment":[{"href":"https:\/\/ekonseil-rh.fr\/wp_json\/wp\/v2\/media?parent=5705"}],"wp:term":[{"taxonomy":"job_listing_type","embeddable":true,"href":"https:\/\/ekonseil-rh.fr\/wp_json\/wp\/v2\/job-types?post=5705"}],"curies":[{"name":"wp","href":"https:\/\/api.w.org\/{rel}","templated":true}]}}